{"id":7,"date":"2023-10-11T21:31:52","date_gmt":"2023-10-11T19:31:52","guid":{"rendered":"https:\/\/carriair-asso.fr\/?page_id=7"},"modified":"2026-01-31T12:01:08","modified_gmt":"2026-01-31T11:01:08","slug":"qui-sommes-nous","status":"publish","type":"page","link":"https:\/\/carriair-asso.fr\/index.php\/qui-sommes-nous\/","title":{"rendered":"Qui sommes-nous ?"},"content":{"rendered":"\n<p style=\"padding-top:var(--wp--preset--spacing--30);padding-bottom:var(--wp--preset--spacing--30)\">\u00ab\u00a0Fait de ta vie un r\u00eave, et d&rsquo;un r\u00eave, une r\u00e9alit\u00e9\u00a0\u00bb <\/p>\n\n\n\n<p class=\"has-extra-small-font-size\" style=\"padding-top:var(--wp--preset--spacing--30);padding-bottom:var(--wp--preset--spacing--30)\">Antoine de Saint Exup\u00e9ry<\/p>\n\n\n\n<p><\/p>\n\n\n\n<h2 class=\"wp-block-heading\" id=\"historique\">Historique<\/h2>\n\n\n\n<div class=\"wp-block-columns alignwide is-layout-flex wp-container-core-columns-is-layout-9d6595d7 wp-block-columns-is-layout-flex\">\n<div class=\"wp-block-column is-layout-flow wp-block-column-is-layout-flow\" style=\"flex-basis:100%\">\n<p>Carri&rsquo;air a vu le jour officiellement en novembre 2018 bien que l&rsquo;action existe depuis 2013<\/p>\n\n\n\n<p>\u00ab\u00a0En 2013 j\u2019avais l\u2019intention de mettre en place un Brevet d\u2019Initiation A\u00e9ronautique (BIA) sur l\u2019a\u00e9roclub de Carpentras.<\/p>\n\n\n\n<p>Mes intentions \u00e9taient triples : fournir \u00e0 l\u2019a\u00e9roclub un moyen de renouvellement de ses membres, faire d\u00e9couvrir l\u2019a\u00e9ronautique aux jeunes, donner un r\u00f4le socio \u00e9conomique \u00e0 la plateforme de Carpentras.<\/p>\n\n\n\n<p>Lors de la journ\u00e9e porte ouverte du Lyc\u00e9e Victor Hugo de Carpentras (mes enfants y \u00e9taient \u00e9l\u00e8ves) nous avons d\u00fb faire le choix d\u2019un EDE (Enseignement d\u2019Exploration) MPS (Math Physique Science) ; il s\u2019agissait d\u2019un dispositif mis en place \u00e0 l\u2019\u00e9poque par l\u2019\u00e9ducation nationale. Je me suis alors dit qu\u2019un EDE MPS BIA serait un v\u00e9ritable r\u00eave : un enseignement permettant de concr\u00e9tiser les choses avec du r\u00e9el, du tangible ; le sinus allait pouvoir signifier quelque chose dans le cadre d\u2019une d\u00e9rive au vent ! J\u2019essayais alors de rentrer en contact avec diff\u00e9rents professeurs de Math Physique pour parler de ce projet.<\/p>\n\n\n\n<p>C\u2019est de retour chez moi que je fus contact\u00e9 par Bruno ESMERIC, professeur de Math\u00e9matiques et absolument partant pour monter un tel projet qui allait prendre forme. L\u2019action de Carri\u2019air allait na\u00eetre.\u00a0\u00bb Alexis MAYER<\/p>\n<\/div>\n<\/div>\n\n\n\n<figure class=\"wp-block-image size-full is-style-default\"><img loading=\"lazy\" decoding=\"async\" width=\"946\" height=\"707\" src=\"https:\/\/carriair-asso.fr\/wp-content\/uploads\/2024\/03\/Screenshot-2024-03-19-210239.png\" alt=\"\" class=\"wp-image-54\" style=\"aspect-ratio:16\/9;object-fit:cover\" srcset=\"https:\/\/carriair-asso.fr\/wp-content\/uploads\/2024\/03\/Screenshot-2024-03-19-210239.png 946w, https:\/\/carriair-asso.fr\/wp-content\/uploads\/2024\/03\/Screenshot-2024-03-19-210239-300x224.png 300w, https:\/\/carriair-asso.fr\/wp-content\/uploads\/2024\/03\/Screenshot-2024-03-19-210239-768x574.png 768w\" sizes=\"auto, (max-width: 946px) 100vw, 946px\" \/><figcaption class=\"wp-element-caption\">A gauche, Bruno ESMERIC, enseignant de Victor HUGO. A droite Henry CUBAYNES, enseignant \u00e0 Fabre autours du Capitaine BENJAMIN lors d\u2019une visite de la BA 701 en 2018. Il s\u2019agit l\u00e0 des membres fondateurs de l\u2019association.<\/figcaption><\/figure>\n\n\n\n<h2 class=\"wp-block-heading\" id=\"objectifsassociation\">Objectifs de l&rsquo;association<\/h2>\n\n\n\n<div class=\"wp-block-columns alignwide is-layout-flex wp-container-core-columns-is-layout-9d6595d7 wp-block-columns-is-layout-flex\">\n<div class=\"wp-block-column is-layout-flow wp-block-column-is-layout-flow\" style=\"flex-basis:100%\">\n<p>Les objectifs de l&rsquo;association sont de :<\/p>\n\n\n\n<p>Promouvoir les m\u00e9tiers de l\u2019a\u00e9ronautique \u00e0 des publics jeunes ou des publics d\u2019insertion notamment dans le cadre de dispositifs int\u00e9gr\u00e9s tel que le Brevet d&rsquo;Initiation A\u00e9ronautique (BIA) en organisant des visites de ces m\u00e9tiers et de ces fili\u00e8res.<\/p>\n\n\n\n<p>Cr\u00e9er du lien avec des op\u00e9rateurs du secteur a\u00e9ronautique et faire b\u00e9n\u00e9ficier de ce r\u00e9seau au public concern\u00e9 par l\u2019action<\/p>\n\n\n\n<p>Etre catalyseur de passion pour permettre la construction d\u2019un projet professionnel<\/p>\n\n\n\n<p>Enfin, depuis le 22 juin 2022, Carri&rsquo;Air est affil\u00e9 \u00e0 la F\u00e9d\u00e9ration Fran\u00e7aise A\u00e9ronautique (FFA) et par cons\u00e9quent elle s&rsquo;efforce de promouvoir, de faciliter et d&rsquo;organiser la pratique de l&rsquo;aviation l\u00e9g\u00e8re et sportive et des diff\u00e9rentes activit\u00e9s s&rsquo;y rattachant.<\/p>\n\n\n\n<p class=\"has-extra-small-font-size\"><br><\/p>\n\n\n\n<p>Pour ce faire, Carri&rsquo;Air organise des visites en prenant en charge la mise en \u0153uvre, les contacts, l&rsquo;organisation et la logistique <br>(notamment la prise en charge du co\u00fbt transport &#8211; 6 500 \u20ac de budget en 2024).<\/p>\n<\/div>\n<\/div>\n\n\n\n<div class=\"wp-block-columns alignwide is-layout-flex wp-container-core-columns-is-layout-9d6595d7 wp-block-columns-is-layout-flex\">\n<div class=\"wp-block-column is-layout-flow wp-block-column-is-layout-flow\" style=\"flex-basis:100%\">\n<p class=\"has-extra-small-font-size\">A titre d&rsquo;information les visites sont :<\/p>\n\n\n\n<ul class=\"wp-block-list\">\n<li>Montage d&rsquo;une activit\u00e9 \u00ab\u00a0d\u00e9couverte des a\u00e9ronefs\u00a0\u00bb qui pr\u00e9sente aux jeunes les diff\u00e9rentes typologies d&rsquo;a\u00e9ronefs existants (ce qui permet d&rsquo;apporter un compl\u00e9ment concret \u00e0 l&rsquo;enseignement du BIA); cette activit\u00e9 est r\u00e9p\u00e9t\u00e9e sur plusieurs a\u00e9rodromes tels que l&rsquo;a\u00e9rodrome de Carpentras, ou encore l&rsquo;a\u00e9rodrome de Plan de dieu avec le partenariat de la Base A\u00e9rienne 115<\/li>\n\n\n\n<li>Visite de la BA 115 avec diff\u00e9rents m\u00e9tiers de l&rsquo;arm\u00e9e de l&rsquo;air (contr\u00f4le a\u00e9rien, service m\u00e9t\u00e9o, maintenance,<br>Pompiers de l\u2019arm\u00e9e de l\u2019air \u2026).<\/li>\n\n\n\n<li>Visite du fabricant d&rsquo;h\u00e9licopt\u00e8res Guimbal sur l&rsquo;a\u00e9roport d&rsquo;Aix les Milles avec pr\u00e9sentation des diff\u00e9rents m\u00e9tiers d&rsquo;une PME a\u00e9ronautique.<\/li>\n\n\n\n<li>Visite de Sabena Technics sur l&rsquo;a\u00e9roport de N\u00eemes Garons et des appareils de la s\u00e9curit\u00e9 civile avec pr\u00e9sentation des m\u00e9tiers de la maintenance a\u00e9ronautique civile.<\/li>\n\n\n\n<li>Visite du contr\u00f4le a\u00e9rien de Marseille Provence pour pr\u00e9sentation des m\u00e9tiers du contr\u00f4le a\u00e9rien mais \u00e9galement pr\u00e9sentation des m\u00e9tiers de Gendarmerie des Transports A\u00e9rien et les m\u00e9tiers de PNC, PNT (h\u00f4tesse steward et pilotes copilotes) ou encore les m\u00e9tiers propres aux op\u00e9rations d&rsquo;Air France.<\/li>\n\n\n\n<li>l&rsquo;Ecole de l&rsquo;Air et de l&rsquo;espace de Salon de Provence avec la pr\u00e9sentation des diff\u00e9rentes voies d&rsquo;acc\u00e8s pour int\u00e9grer l&rsquo;\u00e9cole de l&rsquo;air et de<br>l&rsquo;espace, le CIFED mais \u00e9galement la pr\u00e9sentation des ambassadeurs de l&rsquo;AAE afin de cr\u00e9er une fibre passionnelle<br>a\u00e9ronautique chez ces jeunes.<\/li>\n<\/ul>\n\n\n\n<p><\/p>\n\n\n\n<p class=\"has-extra-small-font-size\">Carri&rsquo;air a \u00e9galement construit des partenariat avec :<\/p>\n\n\n\n<ul class=\"wp-block-list\">\n<li>Avec certaines missions locales o\u00f9 l\u2019association cr\u00e9e des programmes de d\u00e9couverte de m\u00e9tiers de l&rsquo;a\u00e9ronautique pour des jeunes en panne de projets professionnels : Carpentras, Salon de Provence.<\/li>\n<\/ul>\n\n\n\n<p>Si l&rsquo;association a d\u00e9marr\u00e9 son action avec deux \u00e9tablissements scolaires de Carpentras (berceau de l&rsquo;association), elle compte d\u00e9sormais 8 \u00e9tablissements partenaires :<\/p>\n\n\n\n<ul class=\"wp-block-list\">\n<li>Lyc\u00e9e Fabre, Victor Hugo et \u00e9tablissement Marie PILA \u00e0 Carpentras<\/li>\n\n\n\n<li>Lyc\u00e9e Montesquieu \u00e0 Sorgues<\/li>\n\n\n\n<li>Coll\u00e8ge Victor SCHOELCHER \u00e0 Sainte C\u00e9cile les vignes<\/li>\n\n\n\n<li>Coll\u00e8ge GIONO et coll\u00e8ge et lyc\u00e9e Saint Louis \u00e0 Orange<\/li>\n\n\n\n<li>Lyc\u00e9e Ismael DAUPHIN \u00e0 Cavaillon<\/li>\n<\/ul>\n\n\n\n<p><\/p>\n\n\n\n<h2 class=\"wp-block-heading has-text-align-center\" id=\"conseiladministration\">        <strong>Le conseil d&rsquo;administration de Carri&rsquo;Air<\/strong><\/h2>\n\n\n\n<div class=\"wp-block-media-text alignwide is-stacked-on-mobile\" style=\"grid-template-columns:25% auto\"><figure class=\"wp-block-media-text__media\"><img loading=\"lazy\" decoding=\"async\" width=\"182\" height=\"228\" src=\"https:\/\/carriair-asso.fr\/wp-content\/uploads\/2024\/05\/AM-1.jpg\" alt=\"\" class=\"wp-image-214 size-full\"\/><\/figure><div class=\"wp-block-media-text__content\">\n<p class=\"has-text-align-left\"><strong>\u2022Alexis MAYER&nbsp; Pr\u00e9sident<\/strong><\/p>\n\n\n\n<p class=\"has-text-align-left\">\u2022Charg\u00e9 de mission RH aupr\u00e8s de l\u2019\u00e9cole de l\u2019air et de l\u2019espace, Alexis a occup\u00e9 des fonctions RH pendant pr\u00e8s de 25 ans dans diff\u00e9rentes entreprises. Passionn\u00e9 depuis son plus jeune \u00e2ge, il d\u00e9buta le planeur (sur Bijave) \u00e0 l&rsquo;\u00e2ge de 18 ans. A 40 ans, il obtient son PPL et promeut le BIA sur Carpentras en lien avec son A\u00e9roclub. Il cr\u00e9era l\u2019association Carri\u2019Air en 2018;<\/p>\n\n\n\n<p class=\"has-text-align-left\">\u2022Actuellement il passe une qualification sur autogire et s\u2019initie au parapente<\/p>\n\n\n\n<p class=\"has-text-align-left\">\u2022Contact : alexis.mayer@carriair-asso.fr<\/p>\n<\/div><\/div>\n\n\n\n<div class=\"wp-block-media-text alignwide has-media-on-the-right is-stacked-on-mobile\" style=\"grid-template-columns:auto 30%\"><div class=\"wp-block-media-text__content\">\n<p><strong>\u2022Philippe BERNARD&nbsp; Vice pr\u00e9sident<\/strong><\/p>\n\n\n\n<p>\u00ab\u00a0Je suis Philippe Bernard, enseignant de l&rsquo;\u00c9ducation Nationale en lyc\u00e9e professionnel et pilote d&rsquo;avion passionn\u00e9 depuis 2010. Mon d\u00e9sir de partager ma passion pour l&rsquo;a\u00e9ronautique m&rsquo;a pouss\u00e9 \u00e0 enseigner le Brevet d&rsquo;Initiation A\u00e9ronautique (BIA) il y a maintenant dix ans. Ma rencontre avec Alexis a \u00e9t\u00e9 d\u00e9terminante. Nous avons rapidement partag\u00e9 les m\u00eames valeurs et les m\u00eames objectifs de Carri&rsquo;Air pour la jeunesse. Depuis, je m&rsquo;investis activement au sein de l&rsquo;association pour promouvoir les perspectives offertes par le secteur de l&rsquo;a\u00e9rien et de l&rsquo;a\u00e9ronautique, civil ou militaire. Ensemble, nous organisons des initiatives visant \u00e0 inspirer et \u00e0 former nos jeunes adh\u00e9rents, les encourageant \u00e0 viser l&rsquo;excellence et \u00e0 saisir les opportunit\u00e9s professionnelles dans ce domaine captivant et stimulant.\u00a0\u00bb<\/p>\n\n\n\n<p>\u2022Contact : philippe.bernard@carriair-asso.fr<\/p>\n<\/div><figure class=\"wp-block-media-text__media\"><img loading=\"lazy\" decoding=\"async\" width=\"1024\" height=\"1024\" src=\"https:\/\/carriair-asso.fr\/wp-content\/uploads\/2024\/05\/Philippe-BERNARD-1024x1024.jpg\" alt=\"\" class=\"wp-image-217 size-full\" srcset=\"https:\/\/carriair-asso.fr\/wp-content\/uploads\/2024\/05\/Philippe-BERNARD-1024x1024.jpg 1024w, https:\/\/carriair-asso.fr\/wp-content\/uploads\/2024\/05\/Philippe-BERNARD-300x300.jpg 300w, https:\/\/carriair-asso.fr\/wp-content\/uploads\/2024\/05\/Philippe-BERNARD-150x150.jpg 150w, https:\/\/carriair-asso.fr\/wp-content\/uploads\/2024\/05\/Philippe-BERNARD-768x768.jpg 768w, https:\/\/carriair-asso.fr\/wp-content\/uploads\/2024\/05\/Philippe-BERNARD-1536x1536.jpg 1536w, https:\/\/carriair-asso.fr\/wp-content\/uploads\/2024\/05\/Philippe-BERNARD-1568x1568.jpg 1568w, https:\/\/carriair-asso.fr\/wp-content\/uploads\/2024\/05\/Philippe-BERNARD.jpg 1884w\" sizes=\"auto, (max-width: 1024px) 100vw, 1024px\" \/><\/figure><\/div>\n\n\n\n<div class=\"wp-block-media-text alignwide is-stacked-on-mobile\" style=\"grid-template-columns:30% auto\"><figure class=\"wp-block-media-text__media\"><img loading=\"lazy\" decoding=\"async\" width=\"644\" height=\"1024\" src=\"https:\/\/carriair-asso.fr\/wp-content\/uploads\/2024\/05\/Photo-JFB-1-644x1024.jpg\" alt=\"\" class=\"wp-image-224 size-full\" srcset=\"https:\/\/carriair-asso.fr\/wp-content\/uploads\/2024\/05\/Photo-JFB-1-644x1024.jpg 644w, https:\/\/carriair-asso.fr\/wp-content\/uploads\/2024\/05\/Photo-JFB-1-189x300.jpg 189w, https:\/\/carriair-asso.fr\/wp-content\/uploads\/2024\/05\/Photo-JFB-1-768x1220.jpg 768w, https:\/\/carriair-asso.fr\/wp-content\/uploads\/2024\/05\/Photo-JFB-1-967x1536.jpg 967w, https:\/\/carriair-asso.fr\/wp-content\/uploads\/2024\/05\/Photo-JFB-1.jpg 1129w\" sizes=\"auto, (max-width: 644px) 100vw, 644px\" \/><\/figure><div class=\"wp-block-media-text__content\">\n<p><strong>\u2022Jean Fran\u00e7ois BRUNEAU&nbsp; Secr\u00e9taire<\/strong><\/p>\n\n\n\n<p>\u2022Directeur-Adjoint de la Mission Locale du Pays Salonais, Jean-Fran\u00e7ois est \u00e9galement r\u00e9serviste citoyen de l\u2019Arm\u00e9e de l\u2019Air et de l\u2019Espace. Passionn\u00e9 d\u2019a\u00e9ronautique, il est titulaire du Certificat d\u2019Aptitude \u00e0 l\u2019Enseignement A\u00e9ronautique (C.A.E.A) et dispense \u00e0 ce titre des cours de Brevet d\u2019Initiation A\u00e9ronautique (B.I.A). Il conduit des projets de d\u00e9couverte des m\u00e9tiers et fili\u00e8res de l\u2019a\u00e9ronautique dans les milieux civils et militaires notamment avec sa Mission Locale et avec l\u2019Ecole de l\u2019Air et de l\u2019Espace de Salon de Provence. En 2021; il a rejoint l\u2019association Carri\u2019Air dont il a int\u00e9gr\u00e9 le Bureau en qualit\u00e9 de Secr\u00e9taire en 2023.<\/p>\n\n\n\n<p>\u2022Contact : jean-fran\u00e7ois.bruneau@carriair-asso.fr<\/p>\n<\/div><\/div>\n\n\n\n<div class=\"wp-block-media-text alignwide has-media-on-the-right is-stacked-on-mobile\" style=\"grid-template-columns:auto 38%\"><div class=\"wp-block-media-text__content\">\n<p>\u2022<strong>Henry CUBAYNES&nbsp; Tr\u00e9sorier<\/strong><\/p>\n\n\n\n<blockquote class=\"wp-block-quote is-layout-flow wp-block-quote-is-layout-flow\">\n<p>Tr\u00e9sorier de l\u2019association Carri\u2019air et \u00e9galement professeur agr\u00e9g\u00e9 de g\u00e9nie m\u00e9canique au lyc\u00e9e JH Fabre de Carpentras. Je suis int\u00e9ress\u00e9 par tout ce qui touche \u00e0 l\u2019a\u00e9ronautique. j\u2019ai pass\u00e9 dans ma jeunesse mon brevet de base de pilote. En 2013 j\u2019ai r\u00e9ussi le CAEA afin d\u2019enseigner les cours d\u2019a\u00e9ronautique \u00e0 mes \u00e9l\u00e8ves. J\u2019ai \u00e9galement effectu\u00e9 des stages de planeurs et de parapentes. En 2021 j\u2019ai pass\u00e9 mon certificat d\u2019aptitude de t\u00e9l\u00e9pilote de drone.\u00a0\u00bb<\/p>\n<\/blockquote>\n\n\n\n<p>\u2022Contact : tresorier@carriair-asso.fr<\/p>\n<\/div><figure class=\"wp-block-media-text__media\"><img loading=\"lazy\" decoding=\"async\" width=\"1024\" height=\"761\" src=\"https:\/\/carriair-asso.fr\/wp-content\/uploads\/2024\/05\/Henry-C-1024x761.jpg\" alt=\"\" class=\"wp-image-226 size-full\" srcset=\"https:\/\/carriair-asso.fr\/wp-content\/uploads\/2024\/05\/Henry-C-1024x761.jpg 1024w, https:\/\/carriair-asso.fr\/wp-content\/uploads\/2024\/05\/Henry-C-300x223.jpg 300w, https:\/\/carriair-asso.fr\/wp-content\/uploads\/2024\/05\/Henry-C-768x571.jpg 768w, https:\/\/carriair-asso.fr\/wp-content\/uploads\/2024\/05\/Henry-C.jpg 1229w\" sizes=\"auto, (max-width: 1024px) 100vw, 1024px\" \/><\/figure><\/div>\n\n\n\n<div class=\"wp-block-media-text alignwide is-stacked-on-mobile\" style=\"grid-template-columns:30% auto\"><figure class=\"wp-block-media-text__media\"><img loading=\"lazy\" decoding=\"async\" width=\"713\" height=\"1024\" src=\"https:\/\/carriair-asso.fr\/wp-content\/uploads\/2026\/01\/Caty-713x1024.jpeg\" alt=\"\" class=\"wp-image-492 size-full\" srcset=\"https:\/\/carriair-asso.fr\/wp-content\/uploads\/2026\/01\/Caty-713x1024.jpeg 713w, https:\/\/carriair-asso.fr\/wp-content\/uploads\/2026\/01\/Caty-209x300.jpeg 209w, https:\/\/carriair-asso.fr\/wp-content\/uploads\/2026\/01\/Caty-768x1103.jpeg 768w, https:\/\/carriair-asso.fr\/wp-content\/uploads\/2026\/01\/Caty.jpeg 963w\" sizes=\"auto, (max-width: 713px) 100vw, 713px\" \/><\/figure><div class=\"wp-block-media-text__content\">\n<p><strong>\u2022Cathy ROSTAING Tr\u00e9sori\u00e8re adjointe<\/strong><\/p>\n\n\n\n<blockquote class=\"wp-block-quote is-layout-flow wp-block-quote-is-layout-flow\">\n<p>J\u2019ai enseign\u00e9 plus de 30 ans en Universit\u00e9 et accompagn\u00e9 les projets professionnels de tr\u00e8s nombreux \u00e9tudiants.&nbsp;<\/p>\n\n\n\n<p>A la retraite depuis peu, je partage mon temps entre activit\u00e9s personnelles et associatives. Je suis tr\u00e9sori\u00e8re dans un Aeroclub. J\u2019ai rencontr\u00e9 Alexis lors d\u2019une op\u00e9ration&nbsp; \u00ab&nbsp;Une petite aile en plus&nbsp;\u00bb et j\u2019ai admir\u00e9 l&rsquo;enthousiasme et les objectifs de cette association. Aujourd\u2019hui je suis heureuse d\u2019int\u00e9grer le Conseil d\u2019Administration et de participer au d\u00e9veloppement des projets de Carri\u2019Air\u2026 ils donnent des ailes !\u00a0\u00bb<\/p>\n<\/blockquote>\n<\/div><\/div>\n<\/div>\n<\/div>\n\n\n\n<div class=\"wp-block-media-text alignwide has-media-on-the-right is-stacked-on-mobile\" style=\"grid-template-columns:auto 39%\"><div class=\"wp-block-media-text__content\">\n<p><strong>\u2022Sami BORAA&nbsp; Secr\u00e9taire adjoint<\/strong><\/p>\n<\/div><figure class=\"wp-block-media-text__media\"><img loading=\"lazy\" decoding=\"async\" width=\"364\" height=\"243\" src=\"https:\/\/carriair-asso.fr\/wp-content\/uploads\/2025\/11\/Image1.png\" alt=\"\" class=\"wp-image-381 size-full\" srcset=\"https:\/\/carriair-asso.fr\/wp-content\/uploads\/2025\/11\/Image1.png 364w, https:\/\/carriair-asso.fr\/wp-content\/uploads\/2025\/11\/Image1-300x200.png 300w\" sizes=\"auto, (max-width: 364px) 100vw, 364px\" \/><\/figure><\/div>\n\n\n\n<p><\/p>\n","protected":false},"excerpt":{"rendered":"<p>\u00ab\u00a0Fait de ta vie un r\u00eave, et d&rsquo;un r\u00eave, une r\u00e9alit\u00e9\u00a0\u00bb Antoine de Saint Exup\u00e9ry Historique Carri&rsquo;air a vu le jour officiellement en novembre 2018 bien que l&rsquo;action existe depuis 2013 \u00ab\u00a0En 2013 j\u2019avais l\u2019intention de mettre en place un Brevet d\u2019Initiation A\u00e9ronautique (BIA) sur l\u2019a\u00e9roclub de Carpentras. Mes intentions \u00e9taient triples : fournir \u00e0&hellip; <a class=\"more-link\" href=\"https:\/\/carriair-asso.fr\/index.php\/qui-sommes-nous\/\">Poursuivre la lecture <span class=\"screen-reader-text\">Qui sommes-nous ?<\/span><\/a><\/p>\n","protected":false},"author":2,"featured_media":0,"parent":0,"menu_order":0,"comment_status":"closed","ping_status":"closed","template":"","meta":{"footnotes":""},"class_list":["post-7","page","type-page","status-publish","hentry","entry"],"_links":{"self":[{"href":"https:\/\/carriair-asso.fr\/index.php\/wp-json\/wp\/v2\/pages\/7","targetHints":{"allow":["GET"]}}],"collection":[{"href":"https:\/\/carriair-asso.fr\/index.php\/wp-json\/wp\/v2\/pages"}],"about":[{"href":"https:\/\/carriair-asso.fr\/index.php\/wp-json\/wp\/v2\/types\/page"}],"author":[{"embeddable":true,"href":"https:\/\/carriair-asso.fr\/index.php\/wp-json\/wp\/v2\/users\/2"}],"replies":[{"embeddable":true,"href":"https:\/\/carriair-asso.fr\/index.php\/wp-json\/wp\/v2\/comments?post=7"}],"version-history":[{"count":46,"href":"https:\/\/carriair-asso.fr\/index.php\/wp-json\/wp\/v2\/pages\/7\/revisions"}],"predecessor-version":[{"id":498,"href":"https:\/\/carriair-asso.fr\/index.php\/wp-json\/wp\/v2\/pages\/7\/revisions\/498"}],"wp:attachment":[{"href":"https:\/\/carriair-asso.fr\/index.php\/wp-json\/wp\/v2\/media?parent=7"}],"curies":[{"name":"wp","href":"https:\/\/api.w.org\/{rel}","templated":true}]}}